{"id":59,"date":"2023-05-24T09:43:19","date_gmt":"2023-05-24T07:43:19","guid":{"rendered":"https:\/\/bia4all.eu\/cro\/?page_id=59"},"modified":"2026-02-04T15:44:14","modified_gmt":"2026-02-04T14:44:14","slug":"o-nama","status":"publish","type":"page","link":"https:\/\/bia4all.eu\/hr\/o-nama\/","title":{"rendered":"O nama"},"content":{"rendered":"\t\t<div data-elementor-type=\"wp-page\" data-elementor-id=\"59\" class=\"elementor elementor-59\" data-elementor-post-type=\"page\">\n\t\t\t\t\t\t<section class=\"elementor-section elementor-top-section elementor-element elementor-element-537b04c elementor-section-boxed elementor-section-height-default elementor-section-height-default\" data-id=\"537b04c\" data-element_type=\"section\">\n\t\t\t\t\t\t<div class=\"elementor-container elementor-column-gap-default\">\n\t\t\t\t\t<div class=\"elementor-column elementor-col-100 elementor-top-column elementor-element elementor-element-2e60ec0\" data-id=\"2e60ec0\" data-element_type=\"column\">\n\t\t\t<div class=\"elementor-widget-wrap elementor-element-populated\">\n\t\t\t\t\t\t<div class=\"elementor-element elementor-element-f14a240 elementor-widget elementor-widget-heading\" data-id=\"f14a240\" data-element_type=\"widget\" data-widget_type=\"heading.default\">\n\t\t\t\t<div class=\"elementor-widget-container\">\n\t\t\t<h1 class=\"elementor-heading-title elementor-size-default\">O nama<\/h1>\t\t<\/div>\n\t\t\t\t<\/div>\n\t\t\t\t\t<\/div>\n\t\t<\/div>\n\t\t\t\t\t<\/div>\n\t\t<\/section>\n\t\t\t\t<section class=\"elementor-section elementor-top-section elementor-element elementor-element-2a7192b elementor-section-boxed elementor-section-height-default elementor-section-height-default\" data-id=\"2a7192b\" data-element_type=\"section\">\n\t\t\t\t\t\t<div class=\"elementor-container elementor-column-gap-default\">\n\t\t\t\t\t<div class=\"elementor-column elementor-col-100 elementor-top-column elementor-element elementor-element-0de8754\" data-id=\"0de8754\" data-element_type=\"column\">\n\t\t\t<div class=\"elementor-widget-wrap elementor-element-populated\">\n\t\t\t\t\t\t<div class=\"elementor-element elementor-element-9d3d4ce elementor-widget elementor-widget-spacer\" data-id=\"9d3d4ce\" data-element_type=\"widget\" data-widget_type=\"spacer.default\">\n\t\t\t\t<div class=\"elementor-widget-container\">\n\t\t\t\t\t<div class=\"elementor-spacer\">\n\t\t\t<div class=\"elementor-spacer-inner\"><\/div>\n\t\t<\/div>\n\t\t\t\t<\/div>\n\t\t\t\t<\/div>\n\t\t\t\t\t<\/div>\n\t\t<\/div>\n\t\t\t\t\t<\/div>\n\t\t<\/section>\n\t\t\t\t<section class=\"elementor-section elementor-top-section elementor-element elementor-element-3e55c9d elementor-section-boxed elementor-section-height-default elementor-section-height-default\" data-id=\"3e55c9d\" data-element_type=\"section\">\n\t\t\t\t\t\t<div class=\"elementor-container elementor-column-gap-default\">\n\t\t\t\t\t<div class=\"elementor-column elementor-col-50 elementor-top-column elementor-element elementor-element-1812d62\" data-id=\"1812d62\" data-element_type=\"column\">\n\t\t\t<div class=\"elementor-widget-wrap elementor-element-populated\">\n\t\t\t\t\t\t<div class=\"elementor-element elementor-element-b5e5cae elementor-widget elementor-widget-text-editor\" data-id=\"b5e5cae\" data-element_type=\"widget\" data-widget_type=\"text-editor.default\">\n\t\t\t\t<div class=\"elementor-widget-container\">\n\t\t\t\t\t\t\t<p><strong>Zaklada <\/strong><strong>Szkola z Klasa nevladina je organizacija koja se bavi obrazovanjem.<\/strong> Osnovana je 2015. godine na temelju iskustva programa Szkola z Klasa &#8211; jedne od najve\u0107ih i najprepoznatljivijih nacionalnih dru\u0161tvenih kampanja koja djeluje od 2002. godine.<\/p><p>Vjerujemo da budu\u0107nost svijeta ovisi o mudrom obrazovanju. Zato podr\u017eavamo \u0161kole u promjenama, poma\u017eu\u0107i im da postanu inovativne, otvorene sredine, uklju\u010dene u rje\u0161avanje dru\u0161tvenih problema, u kojima vladaju odnosi temeljeni na me\u0111usobnom po\u0161tovanju i povjerenju, a mladi mogu postati aktivni, svjesni i odgovorni gra\u0111ani.<\/p><p>Vodimo obrazovne programe za \u0161kole i obrazovne ustanove u Poljskoj i inozemstvu, za ravnatelje i u\u010ditelje, poma\u017eu\u0107i im da svladaju izazove u nastavi i \u0161kolskim odnosima.<\/p>\t\t\t\t\t\t<\/div>\n\t\t\t\t<\/div>\n\t\t\t\t\t<\/div>\n\t\t<\/div>\n\t\t\t\t<div class=\"elementor-column elementor-col-50 elementor-top-column elementor-element elementor-element-2878fc9\" data-id=\"2878fc9\" data-element_type=\"column\">\n\t\t\t<div class=\"elementor-widget-wrap elementor-element-populated\">\n\t\t\t\t\t\t<div class=\"elementor-element elementor-element-e4d8034 elementor-widget elementor-widget-image\" data-id=\"e4d8034\" data-element_type=\"widget\" data-widget_type=\"image.default\">\n\t\t\t\t<div class=\"elementor-widget-container\">\n\t\t\t\t\t\t\t\t\t\t\t\t\t<img fetchpriority=\"high\" decoding=\"async\" width=\"770\" height=\"513\" src=\"https:\/\/bia4all.eu\/hr\/wp-content\/uploads\/sites\/8\/2023\/06\/FSZK_300622_Jablonna_173_web_fotPatMic-1024x682.jpg\" class=\"attachment-large size-large wp-image-415\" alt=\"Zdj\u0119cie przedstawiaj\u0105ce zesp\u00f3\u0142 Fundacji Szko\u0142a z Klas\u0105. fot. Pat Mic\" srcset=\"https:\/\/bia4all.eu\/hr\/wp-content\/uploads\/sites\/8\/2023\/06\/FSZK_300622_Jablonna_173_web_fotPatMic-1024x682.jpg 1024w, https:\/\/bia4all.eu\/hr\/wp-content\/uploads\/sites\/8\/2023\/06\/FSZK_300622_Jablonna_173_web_fotPatMic-300x200.jpg 300w, https:\/\/bia4all.eu\/hr\/wp-content\/uploads\/sites\/8\/2023\/06\/FSZK_300622_Jablonna_173_web_fotPatMic-768x511.jpg 768w, https:\/\/bia4all.eu\/hr\/wp-content\/uploads\/sites\/8\/2023\/06\/FSZK_300622_Jablonna_173_web_fotPatMic-1170x779.jpg 1170w, https:\/\/bia4all.eu\/hr\/wp-content\/uploads\/sites\/8\/2023\/06\/FSZK_300622_Jablonna_173_web_fotPatMic.jpg 1434w\" sizes=\"(max-width: 770px) 100vw, 770px\" \/>\t\t\t\t\t\t\t\t\t\t\t\t\t<\/div>\n\t\t\t\t<\/div>\n\t\t\t\t\t<\/div>\n\t\t<\/div>\n\t\t\t\t\t<\/div>\n\t\t<\/section>\n\t\t\t\t<section class=\"elementor-section elementor-top-section elementor-element elementor-element-1f6e53a elementor-section-boxed elementor-section-height-default elementor-section-height-default\" data-id=\"1f6e53a\" data-element_type=\"section\">\n\t\t\t\t\t\t<div class=\"elementor-container elementor-column-gap-default\">\n\t\t\t\t\t<div class=\"elementor-column elementor-col-100 elementor-top-column elementor-element elementor-element-c18ad1f\" data-id=\"c18ad1f\" data-element_type=\"column\">\n\t\t\t<div class=\"elementor-widget-wrap elementor-element-populated\">\n\t\t\t\t\t\t<div class=\"elementor-element elementor-element-4372d7b elementor-widget elementor-widget-text-editor\" data-id=\"4372d7b\" data-element_type=\"widget\" data-widget_type=\"text-editor.default\">\n\t\t\t\t<div class=\"elementor-widget-container\">\n\t\t\t\t\t\t\t<p><strong>Podr\u017eavamo u\u010ditelje i ravnatelje u njihovom profesionalnom<\/strong> razvoju uvo\u0111enjem inovativnih metoda rada, \u010desto temeljenih na iskustvu i dobrim praksama iz Poljske i cijelog svijeta, uklju\u010duju\u0107i dizajnersko promi\u0161ljanje (<em>design thinking<\/em>), suradni\u010dko u\u010denje, projektno u\u010denje, istra\u017eiva\u010dko u\u010denje (<em>inquiry based learning<\/em>) ili obrnutu u\u010dionicu (<em>flipped lesson<\/em>). Zahvaljuju\u0107i tome, \u0161kole mogu podr\u017eati mlade ljude u provedbi inovativnih projekata i izgraditi osje\u0107aj sudjelovanja.<\/p>\t\t\t\t\t\t<\/div>\n\t\t\t\t<\/div>\n\t\t\t\t\t<\/div>\n\t\t<\/div>\n\t\t\t\t\t<\/div>\n\t\t<\/section>\n\t\t\t\t<section class=\"elementor-section elementor-top-section elementor-element elementor-element-ca2fc20 elementor-section-boxed elementor-section-height-default elementor-section-height-default\" data-id=\"ca2fc20\" data-element_type=\"section\">\n\t\t\t\t\t\t<div class=\"elementor-container elementor-column-gap-default\">\n\t\t\t\t\t<div class=\"elementor-column elementor-col-50 elementor-top-column elementor-element elementor-element-a97764b\" data-id=\"a97764b\" data-element_type=\"column\">\n\t\t\t<div class=\"elementor-widget-wrap elementor-element-populated\">\n\t\t\t\t\t\t<div class=\"elementor-element elementor-element-b2cfeee elementor-widget__width-initial elementor-widget elementor-widget-image\" data-id=\"b2cfeee\" data-element_type=\"widget\" data-widget_type=\"image.default\">\n\t\t\t\t<div class=\"elementor-widget-container\">\n\t\t\t\t\t\t\t\t\t\t\t\t\t<img decoding=\"async\" width=\"512\" height=\"512\" src=\"https:\/\/bia4all.eu\/hr\/wp-content\/uploads\/sites\/8\/2023\/06\/unnamed.gif\" class=\"attachment-large size-large wp-image-509\" alt=\"Gif- machaj\u0105ca posta\u0107 As Internetu.\" \/>\t\t\t\t\t\t\t\t\t\t\t\t\t<\/div>\n\t\t\t\t<\/div>\n\t\t\t\t\t<\/div>\n\t\t<\/div>\n\t\t\t\t<div class=\"elementor-column elementor-col-50 elementor-top-column elementor-element elementor-element-5770a31\" data-id=\"5770a31\" data-element_type=\"column\">\n\t\t\t<div class=\"elementor-widget-wrap elementor-element-populated\">\n\t\t\t\t\t\t<div class=\"elementor-element elementor-element-1cfcfd6 elementor-widget elementor-widget-heading\" data-id=\"1cfcfd6\" data-element_type=\"widget\" data-widget_type=\"heading.default\">\n\t\t\t\t<div class=\"elementor-widget-container\">\n\t\t\t<h2 class=\"elementor-heading-title elementor-size-default\">Na\u0161a uloga u programu Budi internet genijalac<\/h2>\t\t<\/div>\n\t\t\t\t<\/div>\n\t\t\t\t<div class=\"elementor-element elementor-element-a908bee elementor-widget elementor-widget-text-editor\" data-id=\"a908bee\" data-element_type=\"widget\" data-widget_type=\"text-editor.default\">\n\t\t\t\t<div class=\"elementor-widget-container\">\n\t\t\t\t\t\t\t<p>Zaklada Szkola z Klasa u Poljskoj provodi program Budi Internet genijalac od 2019. godine. <span style=\"font-weight: 400;\">Od 2021. godine podr\u017eavamo organizacije u <\/span><span style=\"font-weight: 400;\">jedanaest <\/span><span style=\"font-weight: 400;\">zemalja srednje i isto\u010dne Europe: <\/span><span style=\"font-weight: 400;\">\u010ce\u0161ka, Hrvatska, Gr\u010dka, Latvija, Litva, Ma\u0111arska, Moldavija, Poljska, Rumunjska, Slova\u010dka i Ukrajina. <\/span>Svakodnevno udru\u017eujemo napore partnerskih organizacija kako bismo izgradili anga\u017eiranu zajednicu nevladinih organizacija, trenera i u\u010denika, pove\u0107ali vidljivost programa i proveli istra\u017eivanje o dugoro\u010dnom u\u010dinku programa, s posebnim naglaskom na djecu s posebnim obrazovnim potrebama.<\/p>\t\t\t\t\t\t<\/div>\n\t\t\t\t<\/div>\n\t\t\t\t\t<\/div>\n\t\t<\/div>\n\t\t\t\t\t<\/div>\n\t\t<\/section>\n\t\t\t\t<\/div>\n\t\t","protected":false},"excerpt":{"rendered":"<p>O nama Zaklada Szkola z Klasa nevladina je organizacija koja se bavi obrazovanjem. Osnovana je 2015. godine na temelju iskustva programa Szkola z Klasa &#8211; jedne od najve\u0107ih i najprepoznatljivijih nacionalnih dru\u0161tvenih kampanja koja djeluje od 2002. godine. Vjerujemo da budu\u0107nost svijeta ovisi o mudrom obrazovanju. Zato podr\u017eavamo \u0161kole u promjenama, poma\u017eu\u0107i im da postanu&hellip; <a href=\"https:\/\/bia4all.eu\/hr\/o-nama\/\">Continue reading&#8230;<\/a><\/p>\n","protected":false},"author":2,"featured_media":761,"parent":0,"menu_order":0,"comment_status":"closed","ping_status":"closed","template":"templates\/elementor-tpl.php","meta":{"inline_featured_image":false,"footnotes":""},"class_list":["post-59","page","type-page","status-publish","has-post-thumbnail","hentry"],"acf":[],"yoast_head":"<!-- This site is optimized with the Yoast SEO plugin v23.0 - https:\/\/yoast.com\/wordpress\/plugins\/seo\/ -->\n<title>O nama | Be Internet Awesome For All HR<\/title>\n<meta name=\"description\" content=\"Saznajte vi\u0161e o nama. \u017delimo stvoriti pravednije i odr\u017eivije dru\u0161tvo promicanjem ravnopravnosti spolova i integracije migranata.\" \/>\n<meta name=\"robots\" content=\"index, follow, max-snippet:-1, max-image-preview:large, max-video-preview:-1\" \/>\n<link rel=\"canonical\" href=\"https:\/\/bia4all.eu\/hr\/o-nama\/\" \/>\n<meta property=\"og:locale\" content=\"pl_PL\" \/>\n<meta property=\"og:type\" content=\"article\" \/>\n<meta property=\"og:title\" content=\"BIA4ALL - O nama\" \/>\n<meta property=\"og:description\" content=\"Saznajte vi\u0161e o nama. \u017delimo stvoriti pravednije i odr\u017eivije dru\u0161tvo promicanjem ravnopravnosti spolova i integracije migranata.\" \/>\n<meta property=\"og:url\" content=\"https:\/\/bia4all.eu\/hr\/o-nama\/\" \/>\n<meta property=\"og:site_name\" content=\"HR\" \/>\n<meta property=\"article:modified_time\" content=\"2026-02-04T14:44:14+00:00\" \/>\n<meta property=\"og:image\" content=\"https:\/\/bia4all.eu\/hr\/wp-content\/uploads\/sites\/8\/2023\/11\/Home-ENG-32.png\" \/>\n\t<meta property=\"og:image:width\" content=\"1200\" \/>\n\t<meta property=\"og:image:height\" content=\"628\" \/>\n\t<meta property=\"og:image:type\" content=\"image\/png\" \/>\n<meta name=\"twitter:card\" content=\"summary_large_image\" \/>\n<meta name=\"twitter:title\" content=\"BIA4ALL - O nama\" \/>\n<meta name=\"twitter:description\" content=\"Saznajte vi\u0161e o nama. \u017delimo stvoriti pravednije i odr\u017eivije dru\u0161tvo promicanjem ravnopravnosti spolova i integracije migranata.\" \/>\n<meta name=\"twitter:image\" content=\"https:\/\/bia4all.eu\/hr\/wp-content\/uploads\/sites\/8\/2023\/11\/Home-ENG-32.png\" \/>\n<meta name=\"twitter:label1\" content=\"Szacowany czas czytania\" \/>\n\t<meta name=\"twitter:data1\" content=\"2 minuty\" \/>\n<script type=\"application\/ld+json\" class=\"yoast-schema-graph\">{\"@context\":\"https:\/\/schema.org\",\"@graph\":[{\"@type\":\"WebPage\",\"@id\":\"https:\/\/bia4all.eu\/hr\/o-nama\/\",\"url\":\"https:\/\/bia4all.eu\/hr\/o-nama\/\",\"name\":\"O nama - HR\",\"isPartOf\":{\"@id\":\"https:\/\/bia4all.eu\/hr\/#website\"},\"primaryImageOfPage\":{\"@id\":\"https:\/\/bia4all.eu\/hr\/o-nama\/#primaryimage\"},\"image\":{\"@id\":\"https:\/\/bia4all.eu\/hr\/o-nama\/#primaryimage\"},\"thumbnailUrl\":\"https:\/\/bia4all.eu\/hr\/wp-content\/uploads\/sites\/8\/2023\/11\/Home-eng-small-30.png\",\"datePublished\":\"2023-05-24T07:43:19+00:00\",\"dateModified\":\"2026-02-04T14:44:14+00:00\",\"description\":\"Saznajte vi\u0161e o nama. \u017delimo stvoriti pravednije i odr\u017eivije dru\u0161tvo promicanjem ravnopravnosti spolova i integracije migranata.\",\"breadcrumb\":{\"@id\":\"https:\/\/bia4all.eu\/hr\/o-nama\/#breadcrumb\"},\"inLanguage\":\"pl-PL\",\"potentialAction\":[{\"@type\":\"ReadAction\",\"target\":[\"https:\/\/bia4all.eu\/hr\/o-nama\/\"]}]},{\"@type\":\"ImageObject\",\"inLanguage\":\"pl-PL\",\"@id\":\"https:\/\/bia4all.eu\/hr\/o-nama\/#primaryimage\",\"url\":\"https:\/\/bia4all.eu\/hr\/wp-content\/uploads\/sites\/8\/2023\/11\/Home-eng-small-30.png\",\"contentUrl\":\"https:\/\/bia4all.eu\/hr\/wp-content\/uploads\/sites\/8\/2023\/11\/Home-eng-small-30.png\",\"width\":600,\"height\":600,\"caption\":\"BIA4ALL - O nama\"},{\"@type\":\"BreadcrumbList\",\"@id\":\"https:\/\/bia4all.eu\/hr\/o-nama\/#breadcrumb\",\"itemListElement\":[{\"@type\":\"ListItem\",\"position\":1,\"name\":\"Strona g\u0142\u00f3wna\",\"item\":\"https:\/\/bia4all.eu\/hr\/\"},{\"@type\":\"ListItem\",\"position\":2,\"name\":\"O nama\"}]},{\"@type\":\"WebSite\",\"@id\":\"https:\/\/bia4all.eu\/hr\/#website\",\"url\":\"https:\/\/bia4all.eu\/hr\/\",\"name\":\"HR\",\"description\":\"Be Internet Awesome For All HR\",\"potentialAction\":[{\"@type\":\"SearchAction\",\"target\":{\"@type\":\"EntryPoint\",\"urlTemplate\":\"https:\/\/bia4all.eu\/hr\/?s={search_term_string}\"},\"query-input\":\"required name=search_term_string\"}],\"inLanguage\":\"pl-PL\"}]}<\/script>\n<!-- \/ Yoast SEO plugin. -->","yoast_head_json":{"title":"O nama | Be Internet Awesome For All HR","description":"Saznajte vi\u0161e o nama. \u017delimo stvoriti pravednije i odr\u017eivije dru\u0161tvo promicanjem ravnopravnosti spolova i integracije migranata.","robots":{"index":"index","follow":"follow","max-snippet":"max-snippet:-1","max-image-preview":"max-image-preview:large","max-video-preview":"max-video-preview:-1"},"canonical":"https:\/\/bia4all.eu\/hr\/o-nama\/","og_locale":"pl_PL","og_type":"article","og_title":"BIA4ALL - O nama","og_description":"Saznajte vi\u0161e o nama. \u017delimo stvoriti pravednije i odr\u017eivije dru\u0161tvo promicanjem ravnopravnosti spolova i integracije migranata.","og_url":"https:\/\/bia4all.eu\/hr\/o-nama\/","og_site_name":"HR","article_modified_time":"2026-02-04T14:44:14+00:00","og_image":[{"width":1200,"height":628,"url":"https:\/\/bia4all.eu\/hr\/wp-content\/uploads\/sites\/8\/2023\/11\/Home-ENG-32.png","type":"image\/png"}],"twitter_card":"summary_large_image","twitter_title":"BIA4ALL - O nama","twitter_description":"Saznajte vi\u0161e o nama. \u017delimo stvoriti pravednije i odr\u017eivije dru\u0161tvo promicanjem ravnopravnosti spolova i integracije migranata.","twitter_image":"https:\/\/bia4all.eu\/hr\/wp-content\/uploads\/sites\/8\/2023\/11\/Home-ENG-32.png","twitter_misc":{"Szacowany czas czytania":"2 minuty"},"schema":{"@context":"https:\/\/schema.org","@graph":[{"@type":"WebPage","@id":"https:\/\/bia4all.eu\/hr\/o-nama\/","url":"https:\/\/bia4all.eu\/hr\/o-nama\/","name":"O nama - HR","isPartOf":{"@id":"https:\/\/bia4all.eu\/hr\/#website"},"primaryImageOfPage":{"@id":"https:\/\/bia4all.eu\/hr\/o-nama\/#primaryimage"},"image":{"@id":"https:\/\/bia4all.eu\/hr\/o-nama\/#primaryimage"},"thumbnailUrl":"https:\/\/bia4all.eu\/hr\/wp-content\/uploads\/sites\/8\/2023\/11\/Home-eng-small-30.png","datePublished":"2023-05-24T07:43:19+00:00","dateModified":"2026-02-04T14:44:14+00:00","description":"Saznajte vi\u0161e o nama. \u017delimo stvoriti pravednije i odr\u017eivije dru\u0161tvo promicanjem ravnopravnosti spolova i integracije migranata.","breadcrumb":{"@id":"https:\/\/bia4all.eu\/hr\/o-nama\/#breadcrumb"},"inLanguage":"pl-PL","potentialAction":[{"@type":"ReadAction","target":["https:\/\/bia4all.eu\/hr\/o-nama\/"]}]},{"@type":"ImageObject","inLanguage":"pl-PL","@id":"https:\/\/bia4all.eu\/hr\/o-nama\/#primaryimage","url":"https:\/\/bia4all.eu\/hr\/wp-content\/uploads\/sites\/8\/2023\/11\/Home-eng-small-30.png","contentUrl":"https:\/\/bia4all.eu\/hr\/wp-content\/uploads\/sites\/8\/2023\/11\/Home-eng-small-30.png","width":600,"height":600,"caption":"BIA4ALL - O nama"},{"@type":"BreadcrumbList","@id":"https:\/\/bia4all.eu\/hr\/o-nama\/#breadcrumb","itemListElement":[{"@type":"ListItem","position":1,"name":"Strona g\u0142\u00f3wna","item":"https:\/\/bia4all.eu\/hr\/"},{"@type":"ListItem","position":2,"name":"O nama"}]},{"@type":"WebSite","@id":"https:\/\/bia4all.eu\/hr\/#website","url":"https:\/\/bia4all.eu\/hr\/","name":"HR","description":"Be Internet Awesome For All HR","potentialAction":[{"@type":"SearchAction","target":{"@type":"EntryPoint","urlTemplate":"https:\/\/bia4all.eu\/hr\/?s={search_term_string}"},"query-input":"required name=search_term_string"}],"inLanguage":"pl-PL"}]}},"_links":{"self":[{"href":"https:\/\/bia4all.eu\/hr\/wp-json\/wp\/v2\/pages\/59"}],"collection":[{"href":"https:\/\/bia4all.eu\/hr\/wp-json\/wp\/v2\/pages"}],"about":[{"href":"https:\/\/bia4all.eu\/hr\/wp-json\/wp\/v2\/types\/page"}],"author":[{"embeddable":true,"href":"https:\/\/bia4all.eu\/hr\/wp-json\/wp\/v2\/users\/2"}],"replies":[{"embeddable":true,"href":"https:\/\/bia4all.eu\/hr\/wp-json\/wp\/v2\/comments?post=59"}],"version-history":[{"count":59,"href":"https:\/\/bia4all.eu\/hr\/wp-json\/wp\/v2\/pages\/59\/revisions"}],"predecessor-version":[{"id":804,"href":"https:\/\/bia4all.eu\/hr\/wp-json\/wp\/v2\/pages\/59\/revisions\/804"}],"wp:featuredmedia":[{"embeddable":true,"href":"https:\/\/bia4all.eu\/hr\/wp-json\/wp\/v2\/media\/761"}],"wp:attachment":[{"href":"https:\/\/bia4all.eu\/hr\/wp-json\/wp\/v2\/media?parent=59"}],"curies":[{"name":"wp","href":"https:\/\/api.w.org\/{rel}","templated":true}]}}