{"id":733,"date":"2023-10-16T16:55:04","date_gmt":"2023-10-16T14:55:04","guid":{"rendered":"https:\/\/bia4all.eu\/pl\/?page_id=733"},"modified":"2026-01-28T15:37:29","modified_gmt":"2026-01-28T14:37:29","slug":"dzieci-z-niepelnosprawnoscia-intelektualna-a-tik","status":"publish","type":"page","link":"https:\/\/bia4all.eu\/pl\/indywidualne-potrzeby-edukacyjne\/dzieci-z-niepelnosprawnoscia-intelektualna-a-tik\/","title":{"rendered":"Dzieci z niepe\u0142nosprawno\u015bci\u0105 intelektualn\u0105 a TIK\u200b"},"content":{"rendered":"\t\t<div data-elementor-type=\"wp-page\" data-elementor-id=\"733\" class=\"elementor elementor-733\" data-elementor-post-type=\"page\">\n\t\t\t\t\t\t<section class=\"elementor-section elementor-top-section elementor-element elementor-element-a9fe66c elementor-section-boxed elementor-section-height-default elementor-section-height-default\" data-id=\"a9fe66c\" data-element_type=\"section\">\n\t\t\t\t\t\t<div class=\"elementor-container elementor-column-gap-default\">\n\t\t\t\t\t<div class=\"elementor-column elementor-col-100 elementor-top-column elementor-element elementor-element-4d6d110\" data-id=\"4d6d110\" data-element_type=\"column\">\n\t\t\t<div class=\"elementor-widget-wrap elementor-element-populated\">\n\t\t\t\t\t\t<div class=\"elementor-element elementor-element-722c4c2 elementor-widget elementor-widget-spacer\" data-id=\"722c4c2\" data-element_type=\"widget\" data-widget_type=\"spacer.default\">\n\t\t\t\t<div class=\"elementor-widget-container\">\n\t\t\t\t\t<div class=\"elementor-spacer\">\n\t\t\t<div class=\"elementor-spacer-inner\"><\/div>\n\t\t<\/div>\n\t\t\t\t<\/div>\n\t\t\t\t<\/div>\n\t\t\t\t\t<\/div>\n\t\t<\/div>\n\t\t\t\t\t<\/div>\n\t\t<\/section>\n\t\t\t\t<section class=\"elementor-section elementor-top-section elementor-element elementor-element-ca2fed4 elementor-section-boxed elementor-section-height-default elementor-section-height-default\" data-id=\"ca2fed4\" data-element_type=\"section\">\n\t\t\t\t\t\t<div class=\"elementor-container elementor-column-gap-default\">\n\t\t\t\t\t<div class=\"elementor-column elementor-col-100 elementor-top-column elementor-element elementor-element-09b1160\" data-id=\"09b1160\" data-element_type=\"column\">\n\t\t\t<div class=\"elementor-widget-wrap elementor-element-populated\">\n\t\t\t\t\t\t<div class=\"elementor-element elementor-element-fac20fb elementor-widget elementor-widget-heading\" data-id=\"fac20fb\" data-element_type=\"widget\" data-widget_type=\"heading.default\">\n\t\t\t\t<div class=\"elementor-widget-container\">\n\t\t\t<h1 class=\"elementor-heading-title elementor-size-default\">Dzieci z niepe\u0142nosprawno\u015bci\u0105 intelektualn\u0105 a TIK\u200b<\/h1>\t\t<\/div>\n\t\t\t\t<\/div>\n\t\t\t\t\t<\/div>\n\t\t<\/div>\n\t\t\t\t\t<\/div>\n\t\t<\/section>\n\t\t\t\t<section class=\"elementor-section elementor-top-section elementor-element elementor-element-8ec0334 elementor-section-boxed elementor-section-height-default elementor-section-height-default\" data-id=\"8ec0334\" data-element_type=\"section\">\n\t\t\t\t\t\t<div class=\"elementor-container elementor-column-gap-default\">\n\t\t\t\t\t<div class=\"elementor-column elementor-col-100 elementor-top-column elementor-element elementor-element-5e484fe\" data-id=\"5e484fe\" data-element_type=\"column\">\n\t\t\t<div class=\"elementor-widget-wrap elementor-element-populated\">\n\t\t\t\t\t\t<div class=\"elementor-element elementor-element-cc03e49 elementor-widget elementor-widget-spacer\" data-id=\"cc03e49\" data-element_type=\"widget\" data-widget_type=\"spacer.default\">\n\t\t\t\t<div class=\"elementor-widget-container\">\n\t\t\t\t\t<div class=\"elementor-spacer\">\n\t\t\t<div class=\"elementor-spacer-inner\"><\/div>\n\t\t<\/div>\n\t\t\t\t<\/div>\n\t\t\t\t<\/div>\n\t\t\t\t\t<\/div>\n\t\t<\/div>\n\t\t\t\t\t<\/div>\n\t\t<\/section>\n\t\t\t\t<section class=\"elementor-section elementor-top-section elementor-element elementor-element-c765271 elementor-section-boxed elementor-section-height-default elementor-section-height-default\" data-id=\"c765271\" data-element_type=\"section\">\n\t\t\t\t\t\t<div class=\"elementor-container elementor-column-gap-default\">\n\t\t\t\t\t<div class=\"elementor-column elementor-col-50 elementor-top-column elementor-element elementor-element-3df078a\" data-id=\"3df078a\" data-element_type=\"column\">\n\t\t\t<div class=\"elementor-widget-wrap elementor-element-populated\">\n\t\t\t\t\t\t<div class=\"elementor-element elementor-element-dea94ca elementor-widget elementor-widget-text-editor\" data-id=\"dea94ca\" data-element_type=\"widget\" data-widget_type=\"text-editor.default\">\n\t\t\t\t<div class=\"elementor-widget-container\">\n\t\t\t\t\t\t\t<p>Niepe\u0142nosprawno\u015b\u0107 intelektualna obejmuje deficyty w zakresie funkcjonowania intelektualnego oraz adaptacyjnego. Ujawnia si\u0119 w obszarach dotycz\u0105cych rozumienia poj\u0119\u0107, funkcjonowania spo\u0142ecznego oraz w dziedzinach praktycznych. Powstaje we wczesnym okresie \u017cycia. Zaklasyfikowanie do niepe\u0142nosprawno\u015bci intelektualnej dotyczy os\u00f3b maj\u0105cych iloraz inteligencji poni\u017cej oko\u0142o 70 punkt\u00f3w IQ. M\u0142odzi ludzie z niepe\u0142nosprawno\u015bci\u0105 intelektualn\u0105 stanowi\u0105 bardzo zr\u00f3\u017cnicowan\u0105 zbiorowo\u015b\u0107.<\/p>\t\t\t\t\t\t<\/div>\n\t\t\t\t<\/div>\n\t\t\t\t\t<\/div>\n\t\t<\/div>\n\t\t\t\t<div class=\"elementor-column elementor-col-50 elementor-top-column elementor-element elementor-element-829a23d\" data-id=\"829a23d\" data-element_type=\"column\">\n\t\t\t<div class=\"elementor-widget-wrap elementor-element-populated\">\n\t\t\t\t\t\t<div class=\"elementor-element elementor-element-4266288 elementor-widget elementor-widget-image\" data-id=\"4266288\" data-element_type=\"widget\" data-widget_type=\"image.default\">\n\t\t\t\t<div class=\"elementor-widget-container\">\n\t\t\t\t\t\t\t\t\t\t\t\t\t<img fetchpriority=\"high\" decoding=\"async\" width=\"770\" height=\"344\" src=\"https:\/\/bia4all.eu\/pl\/wp-content\/uploads\/sites\/5\/2023\/10\/wykres-1024x458.jpg\" class=\"attachment-large size-large wp-image-736\" alt=\"\" srcset=\"https:\/\/bia4all.eu\/pl\/wp-content\/uploads\/sites\/5\/2023\/10\/wykres-1024x458.jpg 1024w, https:\/\/bia4all.eu\/pl\/wp-content\/uploads\/sites\/5\/2023\/10\/wykres-300x134.jpg 300w, https:\/\/bia4all.eu\/pl\/wp-content\/uploads\/sites\/5\/2023\/10\/wykres-768x344.jpg 768w, https:\/\/bia4all.eu\/pl\/wp-content\/uploads\/sites\/5\/2023\/10\/wykres.jpg 1111w\" sizes=\"(max-width: 770px) 100vw, 770px\" \/>\t\t\t\t\t\t\t\t\t\t\t\t\t<\/div>\n\t\t\t\t<\/div>\n\t\t\t\t\t<\/div>\n\t\t<\/div>\n\t\t\t\t\t<\/div>\n\t\t<\/section>\n\t\t\t\t<section class=\"elementor-section elementor-top-section elementor-element elementor-element-6d0ed53 elementor-section-boxed elementor-section-height-default elementor-section-height-default\" data-id=\"6d0ed53\" data-element_type=\"section\">\n\t\t\t\t\t\t<div class=\"elementor-container elementor-column-gap-default\">\n\t\t\t\t\t<div class=\"elementor-column elementor-col-100 elementor-top-column elementor-element elementor-element-756e937\" data-id=\"756e937\" data-element_type=\"column\">\n\t\t\t<div class=\"elementor-widget-wrap elementor-element-populated\">\n\t\t\t\t\t\t<div class=\"elementor-element elementor-element-610c2f5 elementor-widget elementor-widget-heading\" data-id=\"610c2f5\" data-element_type=\"widget\" data-widget_type=\"heading.default\">\n\t\t\t\t<div class=\"elementor-widget-container\">\n\t\t\t<h2 class=\"elementor-heading-title elementor-size-default\">Uczniowie i uczennice z\u00a0niepe\u0142nosprawno\u015bci\u0105 intelektualn\u0105 a\u00a0internet<\/h2>\t\t<\/div>\n\t\t\t\t<\/div>\n\t\t\t\t<div class=\"elementor-element elementor-element-594e76f elementor-widget elementor-widget-text-editor\" data-id=\"594e76f\" data-element_type=\"widget\" data-widget_type=\"text-editor.default\">\n\t\t\t\t<div class=\"elementor-widget-container\">\n\t\t\t\t\t\t\t<p>Osoby z niepe\u0142nosprawno\u015bciami, przede wszystkim z niepe\u0142nosprawno\u015bci\u0105 intelektualn\u0105, s\u0105 nara\u017cone na wykluczenie cyfrowe. Cho\u0107 korzystanie z internetu w tej grupie upowszechnia si\u0119, r\u00f3\u017cnice w por\u00f3wnaniu z reszt\u0105 spo\u0142ecze\u0144stwa nadal s\u0105 znaczne.<\/p><p>Badania pokazuj\u0105, \u017ce mniej m\u0142odych os\u00f3b z niepe\u0142nosprawno\u015bci\u0105 intelektualn\u0105 u\u017cywa internetu w por\u00f3wnaniu z ich r\u00f3wie\u015bniczkami i r\u00f3wie\u015bnikami bez niepe\u0142nosprawno\u015bci, ale korzystaj\u0105 z niego w podobny spos\u00f3b.\u00a0<\/p><p>Nastolatkowie z niepe\u0142nosprawno\u015bci\u0105 intelektualn\u0105 szukaj\u0105 informacji w internecie prawie 6 razy rzadziej ni\u017c nastolatkowie bez tej niepe\u0142nosprawno\u015bci.<\/p>\t\t\t\t\t\t<\/div>\n\t\t\t\t<\/div>\n\t\t\t\t\t<\/div>\n\t\t<\/div>\n\t\t\t\t\t<\/div>\n\t\t<\/section>\n\t\t\t\t<section class=\"elementor-section elementor-top-section elementor-element elementor-element-fa0b33a elementor-section-boxed elementor-section-height-default elementor-section-height-default\" data-id=\"fa0b33a\" data-element_type=\"section\">\n\t\t\t\t\t\t<div class=\"elementor-container elementor-column-gap-default\">\n\t\t\t\t\t<div class=\"elementor-column elementor-col-100 elementor-top-column elementor-element elementor-element-8f965de\" data-id=\"8f965de\" data-element_type=\"column\">\n\t\t\t<div class=\"elementor-widget-wrap elementor-element-populated\">\n\t\t\t\t\t\t<div class=\"elementor-element elementor-element-d253311 elementor-align-center elementor-widget elementor-widget-button\" data-id=\"d253311\" data-element_type=\"widget\" data-widget_type=\"button.default\">\n\t\t\t\t<div class=\"elementor-widget-container\">\n\t\t\t\t\t<div class=\"elementor-button-wrapper\">\n\t\t\t<a class=\"elementor-button elementor-button-link elementor-size-lg elementor-animation-grow\" href=\"https:\/\/www.bia4all.eu\/pl\/?smd_process_download=1&#038;download_id=571\" target=\"_blank\">\n\t\t\t\t\t\t<span class=\"elementor-button-content-wrapper\">\n\t\t\t\t\t\t\t\t\t<span class=\"elementor-button-text\">PRZECZYTAJ WI\u0118CEJ<\/span>\n\t\t\t\t\t<\/span>\n\t\t\t\t\t<\/a>\n\t\t<\/div>\n\t\t\t\t<\/div>\n\t\t\t\t<\/div>\n\t\t\t\t\t<\/div>\n\t\t<\/div>\n\t\t\t\t\t<\/div>\n\t\t<\/section>\n\t\t\t\t<section class=\"elementor-section elementor-top-section elementor-element elementor-element-aa065d0 elementor-section-boxed elementor-section-height-default elementor-section-height-default\" data-id=\"aa065d0\" data-element_type=\"section\">\n\t\t\t\t\t\t<div class=\"elementor-container elementor-column-gap-default\">\n\t\t\t\t\t<div class=\"elementor-column elementor-col-100 elementor-top-column elementor-element elementor-element-5eb6b5c\" data-id=\"5eb6b5c\" data-element_type=\"column\">\n\t\t\t<div class=\"elementor-widget-wrap elementor-element-populated\">\n\t\t\t\t\t\t<div class=\"elementor-element elementor-element-e04bcf1 elementor-widget elementor-widget-spacer\" data-id=\"e04bcf1\" data-element_type=\"widget\" data-widget_type=\"spacer.default\">\n\t\t\t\t<div class=\"elementor-widget-container\">\n\t\t\t\t\t<div class=\"elementor-spacer\">\n\t\t\t<div class=\"elementor-spacer-inner\"><\/div>\n\t\t<\/div>\n\t\t\t\t<\/div>\n\t\t\t\t<\/div>\n\t\t\t\t\t<\/div>\n\t\t<\/div>\n\t\t\t\t\t<\/div>\n\t\t<\/section>\n\t\t\t\t<section class=\"elementor-section elementor-top-section elementor-element elementor-element-e9e0a82 elementor-section-boxed elementor-section-height-default elementor-section-height-default\" data-id=\"e9e0a82\" data-element_type=\"section\">\n\t\t\t\t\t\t<div class=\"elementor-container elementor-column-gap-default\">\n\t\t\t\t\t<div class=\"elementor-column elementor-col-100 elementor-top-column elementor-element elementor-element-b159c8e\" data-id=\"b159c8e\" data-element_type=\"column\">\n\t\t\t<div class=\"elementor-widget-wrap elementor-element-populated\">\n\t\t\t\t\t\t<div class=\"elementor-element elementor-element-4e5581b elementor-widget elementor-widget-heading\" data-id=\"4e5581b\" data-element_type=\"widget\" data-widget_type=\"heading.default\">\n\t\t\t\t<div class=\"elementor-widget-container\">\n\t\t\t<h2 class=\"elementor-heading-title elementor-size-default\">Zagro\u017cenia i&nbsp;mo\u017cliwo\u015bci<\/h2>\t\t<\/div>\n\t\t\t\t<\/div>\n\t\t\t\t\t<\/div>\n\t\t<\/div>\n\t\t\t\t\t<\/div>\n\t\t<\/section>\n\t\t\t\t<section class=\"elementor-section elementor-top-section elementor-element elementor-element-ae94a80 elementor-section-boxed elementor-section-height-default elementor-section-height-default\" data-id=\"ae94a80\" data-element_type=\"section\">\n\t\t\t\t\t\t<div class=\"elementor-container elementor-column-gap-default\">\n\t\t\t\t\t<div class=\"elementor-column elementor-col-100 elementor-top-column elementor-element elementor-element-a88acd0\" data-id=\"a88acd0\" data-element_type=\"column\">\n\t\t\t<div class=\"elementor-widget-wrap elementor-element-populated\">\n\t\t\t\t\t\t<div class=\"elementor-element elementor-element-398ea45 elementor-widget elementor-widget-text-editor\" data-id=\"398ea45\" data-element_type=\"widget\" data-widget_type=\"text-editor.default\">\n\t\t\t\t<div class=\"elementor-widget-container\">\n\t\t\t\t\t\t\t<p>Jednym z zagro\u017ce\u0144 jest problematyczne korzystanie z internetu. Mo\u017ce mie\u0107 charakter kompensacyjny oraz by\u0107 objawem innych trudno\u015bci (na przyk\u0142ad dotycz\u0105cych zdrowia psychicznego) i szkodliwym sposobem radzenia sobie z do\u015bwiadczeniami offline. Korzystanie z internetu, zw\u0142aszcza z portali spo\u0142eczno\u015bciowych, mo\u017ce prowadzi\u0107 do trudnych, cz\u0119sto nieplanowanych sytuacji.<\/p><p>Najbardziej rozpoznanym w przypadku m\u0142odych ludzi z niepe\u0142nosprawno\u015bci\u0105 intelektualn\u0105 ryzykiem jest zaanga\u017cowanie w bullying tradycyjny i elektroniczny.<\/p><p>Dla os\u00f3b z niepe\u0142nosprawno\u015bciami istotn\u0105 warto\u015bci\u0105 jest posiadanie wi\u0119kszej kontroli nad swoj\u0105 sytuacj\u0105, mo\u017cliwo\u015b\u0107 samostanowienia i uczestnictwa w \u017cyciu spo\u0142ecznym. Wspieranie w u\u017cywaniu technologii cyfrowych mo\u017ce u\u0142atwia\u0107 im nabywanie kontroli nad w\u0142asnym \u017cyciem.<\/p><p>Korzystanie z internetu mo\u017ce r\u00f3wnie\u017c przyczynia\u0107 si\u0119 do upodmiotowienia w r\u00f3\u017cnych wymiarach:<\/p>\t\t\t\t\t\t<\/div>\n\t\t\t\t<\/div>\n\t\t\t\t<div class=\"elementor-element elementor-element-0638b73 elementor-icon-list--layout-traditional elementor-list-item-link-full_width elementor-widget elementor-widget-icon-list\" data-id=\"0638b73\" data-element_type=\"widget\" data-widget_type=\"icon-list.default\">\n\t\t\t\t<div class=\"elementor-widget-container\">\n\t\t\t\t\t<ul class=\"elementor-icon-list-items\">\n\t\t\t\t\t\t\t<li class=\"elementor-icon-list-item\">\n\t\t\t\t\t\t\t\t\t\t\t<span class=\"elementor-icon-list-icon\">\n\t\t\t\t\t\t\t<i aria-hidden=\"true\" class=\"fas fa-arrow-right\"><\/i>\t\t\t\t\t\t<\/span>\n\t\t\t\t\t\t\t\t\t\t<span class=\"elementor-icon-list-text\">indywiduanym,<\/span>\n\t\t\t\t\t\t\t\t\t<\/li>\n\t\t\t\t\t\t\t\t<li class=\"elementor-icon-list-item\">\n\t\t\t\t\t\t\t\t\t\t\t<span class=\"elementor-icon-list-icon\">\n\t\t\t\t\t\t\t<i aria-hidden=\"true\" class=\"fas fa-arrow-right\"><\/i>\t\t\t\t\t\t<\/span>\n\t\t\t\t\t\t\t\t\t\t<span class=\"elementor-icon-list-text\">interpersonalnym, <\/span>\n\t\t\t\t\t\t\t\t\t<\/li>\n\t\t\t\t\t\t\t\t<li class=\"elementor-icon-list-item\">\n\t\t\t\t\t\t\t\t\t\t\t<span class=\"elementor-icon-list-icon\">\n\t\t\t\t\t\t\t<i aria-hidden=\"true\" class=\"fas fa-arrow-right\"><\/i>\t\t\t\t\t\t<\/span>\n\t\t\t\t\t\t\t\t\t\t<span class=\"elementor-icon-list-text\">grupowym,<\/span>\n\t\t\t\t\t\t\t\t\t<\/li>\n\t\t\t\t\t\t\t\t<li class=\"elementor-icon-list-item\">\n\t\t\t\t\t\t\t\t\t\t\t<span class=\"elementor-icon-list-icon\">\n\t\t\t\t\t\t\t<i aria-hidden=\"true\" class=\"fas fa-arrow-right\"><\/i>\t\t\t\t\t\t<\/span>\n\t\t\t\t\t\t\t\t\t\t<span class=\"elementor-icon-list-text\">obywatelskim.<\/span>\n\t\t\t\t\t\t\t\t\t<\/li>\n\t\t\t\t\t\t<\/ul>\n\t\t\t\t<\/div>\n\t\t\t\t<\/div>\n\t\t\t\t\t<\/div>\n\t\t<\/div>\n\t\t\t\t\t<\/div>\n\t\t<\/section>\n\t\t\t\t<section class=\"elementor-section elementor-top-section elementor-element elementor-element-a2350fe elementor-section-boxed elementor-section-height-default elementor-section-height-default\" data-id=\"a2350fe\" data-element_type=\"section\">\n\t\t\t\t\t\t<div class=\"elementor-container elementor-column-gap-default\">\n\t\t\t\t\t<div class=\"elementor-column elementor-col-100 elementor-top-column elementor-element elementor-element-0da5dbf\" data-id=\"0da5dbf\" data-element_type=\"column\">\n\t\t\t<div class=\"elementor-widget-wrap elementor-element-populated\">\n\t\t\t\t\t\t<div class=\"elementor-element elementor-element-e073818 elementor-widget elementor-widget-spacer\" data-id=\"e073818\" data-element_type=\"widget\" data-widget_type=\"spacer.default\">\n\t\t\t\t<div class=\"elementor-widget-container\">\n\t\t\t\t\t<div class=\"elementor-spacer\">\n\t\t\t<div class=\"elementor-spacer-inner\"><\/div>\n\t\t<\/div>\n\t\t\t\t<\/div>\n\t\t\t\t<\/div>\n\t\t\t\t\t<\/div>\n\t\t<\/div>\n\t\t\t\t\t<\/div>\n\t\t<\/section>\n\t\t\t\t<section class=\"elementor-section elementor-top-section elementor-element elementor-element-64c789f elementor-section-boxed elementor-section-height-default elementor-section-height-default\" data-id=\"64c789f\" data-element_type=\"section\">\n\t\t\t\t\t\t<div class=\"elementor-container elementor-column-gap-default\">\n\t\t\t\t\t<div class=\"elementor-column elementor-col-100 elementor-top-column elementor-element elementor-element-682415c\" data-id=\"682415c\" data-element_type=\"column\">\n\t\t\t<div class=\"elementor-widget-wrap elementor-element-populated\">\n\t\t\t\t\t\t<div class=\"elementor-element elementor-element-1fba480 elementor-widget elementor-widget-heading\" data-id=\"1fba480\" data-element_type=\"widget\" data-widget_type=\"heading.default\">\n\t\t\t\t<div class=\"elementor-widget-container\">\n\t\t\t<h2 class=\"elementor-heading-title elementor-size-default\">Rekomendacje<\/h2>\t\t<\/div>\n\t\t\t\t<\/div>\n\t\t\t\t\t<\/div>\n\t\t<\/div>\n\t\t\t\t\t<\/div>\n\t\t<\/section>\n\t\t\t\t<section class=\"elementor-section elementor-top-section elementor-element elementor-element-b46738b elementor-section-boxed elementor-section-height-default elementor-section-height-default\" data-id=\"b46738b\" data-element_type=\"section\">\n\t\t\t\t\t\t<div class=\"elementor-container elementor-column-gap-default\">\n\t\t\t\t\t<div class=\"elementor-column elementor-col-100 elementor-top-column elementor-element elementor-element-e66e97c\" data-id=\"e66e97c\" data-element_type=\"column\">\n\t\t\t<div class=\"elementor-widget-wrap elementor-element-populated\">\n\t\t\t\t\t\t<div class=\"elementor-element elementor-element-c750ec6 elementor-icon-list--layout-traditional elementor-list-item-link-full_width elementor-widget elementor-widget-icon-list\" data-id=\"c750ec6\" data-element_type=\"widget\" data-widget_type=\"icon-list.default\">\n\t\t\t\t<div class=\"elementor-widget-container\">\n\t\t\t\t\t<ul class=\"elementor-icon-list-items\">\n\t\t\t\t\t\t\t<li class=\"elementor-icon-list-item\">\n\t\t\t\t\t\t\t\t\t\t\t<span class=\"elementor-icon-list-icon\">\n\t\t\t\t\t\t\t<i aria-hidden=\"true\" class=\"fas fa-arrow-right\"><\/i>\t\t\t\t\t\t<\/span>\n\t\t\t\t\t\t\t\t\t\t<span class=\"elementor-icon-list-text\">Do\u015bwiadczenia w\u00a0\u015bwiecie cyfrowym s\u0105 \u015bci\u015ble powi\u0105zane z\u00a0tradycyjnym funkcjonowaniem. <\/span>\n\t\t\t\t\t\t\t\t\t<\/li>\n\t\t\t\t\t\t\t\t<li class=\"elementor-icon-list-item\">\n\t\t\t\t\t\t\t\t\t\t\t<span class=\"elementor-icon-list-icon\">\n\t\t\t\t\t\t\t<i aria-hidden=\"true\" class=\"fas fa-arrow-right\"><\/i>\t\t\t\t\t\t<\/span>\n\t\t\t\t\t\t\t\t\t\t<span class=\"elementor-icon-list-text\">Wzmacnianie poczucia w\u0142asnej warto\u015bci uczni\u00f3w i&nbsp;uczennic z&nbsp;niepe\u0142nosprawno\u015bci\u0105 intelektualn\u0105, okazywanie im szacunku, s\u0105 czynnikami chroni\u0105cym przed zagro\u017ceniami zar\u00f3wno offline, jak i&nbsp;online. Zabezpieczaj\u0105 przed poszukiwaniem uwagi i&nbsp;akceptacji spo\u0142ecznej w&nbsp;grupach, kt\u00f3re mog\u0105 mie\u0107 negatywny wp\u0142yw. Podobnie jest ze wspieraniem relacji r\u00f3wie\u015bniczych.<\/span>\n\t\t\t\t\t\t\t\t\t<\/li>\n\t\t\t\t\t\t\t\t<li class=\"elementor-icon-list-item\">\n\t\t\t\t\t\t\t\t\t\t\t<span class=\"elementor-icon-list-icon\">\n\t\t\t\t\t\t\t<i aria-hidden=\"true\" class=\"fas fa-arrow-right\"><\/i>\t\t\t\t\t\t<\/span>\n\t\t\t\t\t\t\t\t\t\t<span class=\"elementor-icon-list-text\">Jednym z&nbsp; najcz\u0119\u015bciej identyfikowanych zagro\u017ce\u0144 jest cyberprzemoc - a osoby z&nbsp;niepe\u0142nosprawno\u015bci\u0105 intelektualn\u0105, kt\u00f3re jej do\u015bwiadczaj\u0105, nie zawsze ujawniaj\u0105 sprawc\u00f3w.<\/span>\n\t\t\t\t\t\t\t\t\t<\/li>\n\t\t\t\t\t\t<\/ul>\n\t\t\t\t<\/div>\n\t\t\t\t<\/div>\n\t\t\t\t\t<\/div>\n\t\t<\/div>\n\t\t\t\t\t<\/div>\n\t\t<\/section>\n\t\t\t\t<section class=\"elementor-section elementor-top-section elementor-element elementor-element-d8ec35f elementor-section-boxed elementor-section-height-default elementor-section-height-default\" data-id=\"d8ec35f\" data-element_type=\"section\">\n\t\t\t\t\t\t<div class=\"elementor-container elementor-column-gap-default\">\n\t\t\t\t\t<div class=\"elementor-column elementor-col-100 elementor-top-column elementor-element elementor-element-251e218\" data-id=\"251e218\" data-element_type=\"column\">\n\t\t\t<div class=\"elementor-widget-wrap elementor-element-populated\">\n\t\t\t\t\t\t<div class=\"elementor-element elementor-element-740f94d elementor-widget elementor-widget-spacer\" data-id=\"740f94d\" data-element_type=\"widget\" data-widget_type=\"spacer.default\">\n\t\t\t\t<div class=\"elementor-widget-container\">\n\t\t\t\t\t<div class=\"elementor-spacer\">\n\t\t\t<div class=\"elementor-spacer-inner\"><\/div>\n\t\t<\/div>\n\t\t\t\t<\/div>\n\t\t\t\t<\/div>\n\t\t\t\t\t<\/div>\n\t\t<\/div>\n\t\t\t\t\t<\/div>\n\t\t<\/section>\n\t\t\t\t<section class=\"elementor-section elementor-top-section elementor-element elementor-element-9821522 elementor-section-boxed elementor-section-height-default elementor-section-height-default\" data-id=\"9821522\" data-element_type=\"section\">\n\t\t\t\t\t\t<div class=\"elementor-container elementor-column-gap-default\">\n\t\t\t\t\t<div class=\"elementor-column elementor-col-100 elementor-top-column elementor-element elementor-element-aef6147\" data-id=\"aef6147\" data-element_type=\"column\">\n\t\t\t<div class=\"elementor-widget-wrap elementor-element-populated\">\n\t\t\t\t\t\t<div class=\"elementor-element elementor-element-a646ff3 elementor-widget elementor-widget-image\" data-id=\"a646ff3\" data-element_type=\"widget\" data-widget_type=\"image.default\">\n\t\t\t\t<div class=\"elementor-widget-container\">\n\t\t\t\t\t\t\t\t\t\t\t\t\t\t<a href=\"https:\/\/www.bia4all.eu\/pl\/?smd_process_download=1&#038;download_id=571\" target=\"_blank\">\n\t\t\t\t\t\t\t<img decoding=\"async\" width=\"770\" height=\"770\" src=\"https:\/\/bia4all.eu\/pl\/wp-content\/uploads\/sites\/5\/2023\/10\/Dzieci-z-niepelnosprawnoscia-intelektualna-a-TIK\u200b\u200b-1024x1024.png\" class=\"attachment-large size-large wp-image-737\" alt=\"\" srcset=\"https:\/\/bia4all.eu\/pl\/wp-content\/uploads\/sites\/5\/2023\/10\/Dzieci-z-niepelnosprawnoscia-intelektualna-a-TIK\u200b\u200b-1024x1024.png 1024w, https:\/\/bia4all.eu\/pl\/wp-content\/uploads\/sites\/5\/2023\/10\/Dzieci-z-niepelnosprawnoscia-intelektualna-a-TIK\u200b\u200b-300x300.png 300w, https:\/\/bia4all.eu\/pl\/wp-content\/uploads\/sites\/5\/2023\/10\/Dzieci-z-niepelnosprawnoscia-intelektualna-a-TIK\u200b\u200b-150x150.png 150w, https:\/\/bia4all.eu\/pl\/wp-content\/uploads\/sites\/5\/2023\/10\/Dzieci-z-niepelnosprawnoscia-intelektualna-a-TIK\u200b\u200b-768x768.png 768w, https:\/\/bia4all.eu\/pl\/wp-content\/uploads\/sites\/5\/2023\/10\/Dzieci-z-niepelnosprawnoscia-intelektualna-a-TIK\u200b\u200b-1536x1536.png 1536w, https:\/\/bia4all.eu\/pl\/wp-content\/uploads\/sites\/5\/2023\/10\/Dzieci-z-niepelnosprawnoscia-intelektualna-a-TIK\u200b\u200b-1170x1170.png 1170w, https:\/\/bia4all.eu\/pl\/wp-content\/uploads\/sites\/5\/2023\/10\/Dzieci-z-niepelnosprawnoscia-intelektualna-a-TIK\u200b\u200b.png 1667w\" sizes=\"(max-width: 770px) 100vw, 770px\" \/>\t\t\t\t\t\t\t\t<\/a>\n\t\t\t\t\t\t\t\t\t\t\t\t\t<\/div>\n\t\t\t\t<\/div>\n\t\t\t\t\t<\/div>\n\t\t<\/div>\n\t\t\t\t\t<\/div>\n\t\t<\/section>\n\t\t\t\t<section class=\"elementor-section elementor-top-section elementor-element elementor-element-ca72ab8 elementor-section-boxed elementor-section-height-default elementor-section-height-default\" data-id=\"ca72ab8\" data-element_type=\"section\">\n\t\t\t\t\t\t<div class=\"elementor-container elementor-column-gap-default\">\n\t\t\t\t\t<div class=\"elementor-column elementor-col-100 elementor-top-column elementor-element elementor-element-bce2dd8\" data-id=\"bce2dd8\" data-element_type=\"column\">\n\t\t\t<div class=\"elementor-widget-wrap elementor-element-populated\">\n\t\t\t\t\t\t<div class=\"elementor-element elementor-element-614ac22 elementor-widget elementor-widget-spacer\" data-id=\"614ac22\" data-element_type=\"widget\" data-widget_type=\"spacer.default\">\n\t\t\t\t<div class=\"elementor-widget-container\">\n\t\t\t\t\t<div class=\"elementor-spacer\">\n\t\t\t<div class=\"elementor-spacer-inner\"><\/div>\n\t\t<\/div>\n\t\t\t\t<\/div>\n\t\t\t\t<\/div>\n\t\t\t\t\t<\/div>\n\t\t<\/div>\n\t\t\t\t\t<\/div>\n\t\t<\/section>\n\t\t\t\t<section class=\"elementor-section elementor-top-section elementor-element elementor-element-ad86adb elementor-section-boxed elementor-section-height-default elementor-section-height-default\" data-id=\"ad86adb\" data-element_type=\"section\">\n\t\t\t\t\t\t<div class=\"elementor-container elementor-column-gap-default\">\n\t\t\t\t\t<div class=\"elementor-column elementor-col-100 elementor-top-column elementor-element elementor-element-62ea81b\" data-id=\"62ea81b\" data-element_type=\"column\">\n\t\t\t<div class=\"elementor-widget-wrap elementor-element-populated\">\n\t\t\t\t\t\t<div class=\"elementor-element elementor-element-d19c943 elementor-widget-divider--view-line elementor-widget elementor-widget-divider\" data-id=\"d19c943\" data-element_type=\"widget\" data-widget_type=\"divider.default\">\n\t\t\t\t<div class=\"elementor-widget-container\">\n\t\t\t\t\t<div class=\"elementor-divider\">\n\t\t\t<span class=\"elementor-divider-separator\">\n\t\t\t\t\t\t<\/span>\n\t\t<\/div>\n\t\t\t\t<\/div>\n\t\t\t\t<\/div>\n\t\t\t\t\t<\/div>\n\t\t<\/div>\n\t\t\t\t\t<\/div>\n\t\t<\/section>\n\t\t\t\t<section class=\"elementor-section elementor-top-section elementor-element elementor-element-cccc96a elementor-section-boxed elementor-section-height-default elementor-section-height-default\" data-id=\"cccc96a\" data-element_type=\"section\">\n\t\t\t\t\t\t<div class=\"elementor-container elementor-column-gap-default\">\n\t\t\t\t\t<div class=\"elementor-column elementor-col-50 elementor-top-column elementor-element elementor-element-cb96847\" data-id=\"cb96847\" data-element_type=\"column\">\n\t\t\t<div class=\"elementor-widget-wrap elementor-element-populated\">\n\t\t\t\t\t\t<div class=\"elementor-element elementor-element-687994d elementor-widget elementor-widget-image\" data-id=\"687994d\" data-element_type=\"widget\" data-widget_type=\"image.default\">\n\t\t\t\t<div class=\"elementor-widget-container\">\n\t\t\t\t\t\t\t\t\t\t\t\t\t\t<a href=\"https:\/\/www.szkolazklasa.org.pl\/?smd_process_download=1&#038;download_id=14902\" target=\"_blank\">\n\t\t\t\t\t\t\t<img decoding=\"async\" width=\"770\" height=\"572\" src=\"https:\/\/bia4all.eu\/pl\/wp-content\/uploads\/sites\/5\/2024\/10\/BIA-PL-material-full-manual-1024x761.jpg\" class=\"elementor-animation-grow attachment-large size-large wp-image-1123\" alt=\"Poradnik Be Internet Awesome\" srcset=\"https:\/\/bia4all.eu\/pl\/wp-content\/uploads\/sites\/5\/2024\/10\/BIA-PL-material-full-manual-1024x761.jpg 1024w, https:\/\/bia4all.eu\/pl\/wp-content\/uploads\/sites\/5\/2024\/10\/BIA-PL-material-full-manual-300x223.jpg 300w, https:\/\/bia4all.eu\/pl\/wp-content\/uploads\/sites\/5\/2024\/10\/BIA-PL-material-full-manual-768x571.jpg 768w, https:\/\/bia4all.eu\/pl\/wp-content\/uploads\/sites\/5\/2024\/10\/BIA-PL-material-full-manual.jpg 1164w\" sizes=\"(max-width: 770px) 100vw, 770px\" \/>\t\t\t\t\t\t\t\t<\/a>\n\t\t\t\t\t\t\t\t\t\t\t\t\t<\/div>\n\t\t\t\t<\/div>\n\t\t\t\t\t<\/div>\n\t\t<\/div>\n\t\t\t\t<div class=\"elementor-column elementor-col-50 elementor-top-column elementor-element elementor-element-1f0a817\" data-id=\"1f0a817\" data-element_type=\"column\">\n\t\t\t<div class=\"elementor-widget-wrap elementor-element-populated\">\n\t\t\t\t\t\t<div class=\"elementor-element elementor-element-8059bde elementor-widget elementor-widget-heading\" data-id=\"8059bde\" data-element_type=\"widget\" data-widget_type=\"heading.default\">\n\t\t\t\t<div class=\"elementor-widget-container\">\n\t\t\t<h2 class=\"elementor-heading-title elementor-size-default\">Ca\u0142y poradnik  - Be Internet Awesome For All<\/h2>\t\t<\/div>\n\t\t\t\t<\/div>\n\t\t\t\t<div class=\"elementor-element elementor-element-ef81d0e elementor-widget elementor-widget-text-editor\" data-id=\"ef81d0e\" data-element_type=\"widget\" data-widget_type=\"text-editor.default\">\n\t\t\t\t<div class=\"elementor-widget-container\">\n\t\t\t\t\t\t\t<p>Pobierz ca\u0142y poradnik, obejmuj\u0105cy wszystkie grupy dzieci z indywidualnymi potrzebami edukacyjnymi.<br><\/p>\t\t\t\t\t\t<\/div>\n\t\t\t\t<\/div>\n\t\t\t\t<div class=\"elementor-element elementor-element-0e7fa6c elementor-widget elementor-widget-button\" data-id=\"0e7fa6c\" data-element_type=\"widget\" data-widget_type=\"button.default\">\n\t\t\t\t<div class=\"elementor-widget-container\">\n\t\t\t\t\t<div class=\"elementor-button-wrapper\">\n\t\t\t<a class=\"elementor-button elementor-button-link elementor-size-md\" href=\"https:\/\/www.szkolazklasa.org.pl\/?smd_process_download=1&#038;download_id=14902\" target=\"_blank\">\n\t\t\t\t\t\t<span class=\"elementor-button-content-wrapper\">\n\t\t\t\t\t\t\t\t\t<span class=\"elementor-button-text\">POBIERZ<\/span>\n\t\t\t\t\t<\/span>\n\t\t\t\t\t<\/a>\n\t\t<\/div>\n\t\t\t\t<\/div>\n\t\t\t\t<\/div>\n\t\t\t\t\t<\/div>\n\t\t<\/div>\n\t\t\t\t\t<\/div>\n\t\t<\/section>\n\t\t\t\t<\/div>\n\t\t","protected":false},"excerpt":{"rendered":"<p>Dzieci z niepe\u0142nosprawno\u015bci\u0105 intelektualn\u0105 a TIK\u200b Niepe\u0142nosprawno\u015b\u0107 intelektualna obejmuje deficyty w zakresie funkcjonowania intelektualnego oraz adaptacyjnego. Ujawnia si\u0119 w obszarach dotycz\u0105cych rozumienia poj\u0119\u0107, funkcjonowania spo\u0142ecznego oraz w dziedzinach praktycznych. Powstaje we wczesnym okresie \u017cycia. Zaklasyfikowanie do niepe\u0142nosprawno\u015bci intelektualnej dotyczy os\u00f3b maj\u0105cych iloraz inteligencji poni\u017cej oko\u0142o 70 punkt\u00f3w IQ. M\u0142odzi ludzie z niepe\u0142nosprawno\u015bci\u0105 intelektualn\u0105 stanowi\u0105 bardzo&hellip; <a href=\"https:\/\/bia4all.eu\/pl\/indywidualne-potrzeby-edukacyjne\/dzieci-z-niepelnosprawnoscia-intelektualna-a-tik\/\">Continue reading&#8230;<\/a><\/p>\n","protected":false},"author":2,"featured_media":1188,"parent":43,"menu_order":0,"comment_status":"closed","ping_status":"closed","template":"templates\/elementor-tpl.php","meta":{"inline_featured_image":false,"footnotes":""},"class_list":["post-733","page","type-page","status-publish","has-post-thumbnail","hentry"],"acf":[],"yoast_head":"<!-- This site is optimized with the Yoast SEO plugin v23.0 - https:\/\/yoast.com\/wordpress\/plugins\/seo\/ -->\n<title>Dzieci z niepe\u0142nosprawno\u015bci\u0105 intelektualn\u0105 a TIK\u200b | Be Internet Awesome For All PL<\/title>\n<meta name=\"description\" content=\"Dowiedz si\u0119, jakie s\u0105 najwi\u0119ksze ryzyka zwi\u0105zane z korzystaniem z internetu w przypadku dzieci z niepe\u0142nosprawno\u015bci\u0105 intelektualn\u0105.\" \/>\n<meta name=\"robots\" content=\"index, follow, max-snippet:-1, max-image-preview:large, max-video-preview:-1\" \/>\n<link rel=\"canonical\" href=\"https:\/\/bia4all.eu\/pl\/indywidualne-potrzeby-edukacyjne\/dzieci-z-niepelnosprawnoscia-intelektualna-a-tik\/\" \/>\n<meta property=\"og:locale\" content=\"pl_PL\" \/>\n<meta property=\"og:type\" content=\"article\" \/>\n<meta property=\"og:title\" content=\"Be Internet Awesome For All - Edukacja cyfrowa dzieci z niepe\u0142nosprawno\u015bci\u0105 intelektualn\u0105\" \/>\n<meta property=\"og:description\" content=\"Dowiedz si\u0119, jakie s\u0105 najwi\u0119ksze ryzyka zwi\u0105zane z korzystaniem z internetu w przypadku dzieci z niepe\u0142nosprawno\u015bci\u0105 intelektualn\u0105.\" \/>\n<meta property=\"og:url\" content=\"https:\/\/bia4all.eu\/pl\/indywidualne-potrzeby-edukacyjne\/dzieci-z-niepelnosprawnoscia-intelektualna-a-tik\/\" \/>\n<meta property=\"og:site_name\" content=\"PL\" \/>\n<meta property=\"article:modified_time\" content=\"2026-01-28T14:37:29+00:00\" \/>\n<meta property=\"og:image\" content=\"https:\/\/bia4all.eu\/pl\/wp-content\/uploads\/sites\/5\/2024\/10\/BIA-PL-yoast-intellectual.jpg\" \/>\n\t<meta property=\"og:image:width\" content=\"1200\" \/>\n\t<meta property=\"og:image:height\" content=\"628\" \/>\n\t<meta property=\"og:image:type\" content=\"image\/jpeg\" \/>\n<meta name=\"twitter:card\" content=\"summary_large_image\" \/>\n<meta name=\"twitter:title\" content=\"Be Internet Awesome For All - Edukacja cyfrowa dzieci z niepe\u0142nosprawno\u015bci\u0105 intelektualn\u0105\" \/>\n<meta name=\"twitter:description\" content=\"Dowiedz si\u0119, jakie s\u0105 najwi\u0119ksze ryzyka zwi\u0105zane z korzystaniem z internetu w przypadku dzieci z niepe\u0142nosprawno\u015bci\u0105 intelektualn\u0105.\" \/>\n<meta name=\"twitter:image\" content=\"https:\/\/bia4all.eu\/pl\/wp-content\/uploads\/sites\/5\/2024\/10\/BIA-PL-yoast-intellectual.jpg\" \/>\n<meta name=\"twitter:label1\" content=\"Szacowany czas czytania\" \/>\n\t<meta name=\"twitter:data1\" content=\"3 minuty\" \/>\n<script type=\"application\/ld+json\" class=\"yoast-schema-graph\">{\"@context\":\"https:\/\/schema.org\",\"@graph\":[{\"@type\":\"WebPage\",\"@id\":\"https:\/\/bia4all.eu\/pl\/indywidualne-potrzeby-edukacyjne\/dzieci-z-niepelnosprawnoscia-intelektualna-a-tik\/\",\"url\":\"https:\/\/bia4all.eu\/pl\/indywidualne-potrzeby-edukacyjne\/dzieci-z-niepelnosprawnoscia-intelektualna-a-tik\/\",\"name\":\"Dzieci z niepe\u0142nosprawno\u015bci\u0105 intelektualn\u0105 a TIK\u200b - PL\",\"isPartOf\":{\"@id\":\"https:\/\/bia4all.eu\/pl\/#website\"},\"primaryImageOfPage\":{\"@id\":\"https:\/\/bia4all.eu\/pl\/indywidualne-potrzeby-edukacyjne\/dzieci-z-niepelnosprawnoscia-intelektualna-a-tik\/#primaryimage\"},\"image\":{\"@id\":\"https:\/\/bia4all.eu\/pl\/indywidualne-potrzeby-edukacyjne\/dzieci-z-niepelnosprawnoscia-intelektualna-a-tik\/#primaryimage\"},\"thumbnailUrl\":\"https:\/\/bia4all.eu\/pl\/wp-content\/uploads\/sites\/5\/2024\/10\/BIA-PL-main-intellectual.jpg\",\"datePublished\":\"2023-10-16T14:55:04+00:00\",\"dateModified\":\"2026-01-28T14:37:29+00:00\",\"description\":\"Dowiedz si\u0119, jakie s\u0105 najwi\u0119ksze ryzyka zwi\u0105zane z korzystaniem z internetu w przypadku dzieci z niepe\u0142nosprawno\u015bci\u0105 intelektualn\u0105.\",\"breadcrumb\":{\"@id\":\"https:\/\/bia4all.eu\/pl\/indywidualne-potrzeby-edukacyjne\/dzieci-z-niepelnosprawnoscia-intelektualna-a-tik\/#breadcrumb\"},\"inLanguage\":\"pl-PL\",\"potentialAction\":[{\"@type\":\"ReadAction\",\"target\":[\"https:\/\/bia4all.eu\/pl\/indywidualne-potrzeby-edukacyjne\/dzieci-z-niepelnosprawnoscia-intelektualna-a-tik\/\"]}]},{\"@type\":\"ImageObject\",\"inLanguage\":\"pl-PL\",\"@id\":\"https:\/\/bia4all.eu\/pl\/indywidualne-potrzeby-edukacyjne\/dzieci-z-niepelnosprawnoscia-intelektualna-a-tik\/#primaryimage\",\"url\":\"https:\/\/bia4all.eu\/pl\/wp-content\/uploads\/sites\/5\/2024\/10\/BIA-PL-main-intellectual.jpg\",\"contentUrl\":\"https:\/\/bia4all.eu\/pl\/wp-content\/uploads\/sites\/5\/2024\/10\/BIA-PL-main-intellectual.jpg\",\"width\":600,\"height\":600,\"caption\":\"Poradnik Be Internet Awesome - niepe\u0142nosprawno\u015bci intelektualne\"},{\"@type\":\"BreadcrumbList\",\"@id\":\"https:\/\/bia4all.eu\/pl\/indywidualne-potrzeby-edukacyjne\/dzieci-z-niepelnosprawnoscia-intelektualna-a-tik\/#breadcrumb\",\"itemListElement\":[{\"@type\":\"ListItem\",\"position\":1,\"name\":\"Strona g\u0142\u00f3wna\",\"item\":\"https:\/\/bia4all.eu\/pl\/\"},{\"@type\":\"ListItem\",\"position\":2,\"name\":\"Indywidualne potrzeby edukacyjne\",\"item\":\"https:\/\/bia4all.eu\/pl\/indywidualne-potrzeby-edukacyjne\/\"},{\"@type\":\"ListItem\",\"position\":3,\"name\":\"Dzieci z niepe\u0142nosprawno\u015bci\u0105 intelektualn\u0105 a TIK\u200b\"}]},{\"@type\":\"WebSite\",\"@id\":\"https:\/\/bia4all.eu\/pl\/#website\",\"url\":\"https:\/\/bia4all.eu\/pl\/\",\"name\":\"PL\",\"description\":\"Be Internet Awesome For All PL\",\"potentialAction\":[{\"@type\":\"SearchAction\",\"target\":{\"@type\":\"EntryPoint\",\"urlTemplate\":\"https:\/\/bia4all.eu\/pl\/?s={search_term_string}\"},\"query-input\":\"required name=search_term_string\"}],\"inLanguage\":\"pl-PL\"}]}<\/script>\n<!-- \/ Yoast SEO plugin. -->","yoast_head_json":{"title":"Dzieci z niepe\u0142nosprawno\u015bci\u0105 intelektualn\u0105 a TIK\u200b | Be Internet Awesome For All PL","description":"Dowiedz si\u0119, jakie s\u0105 najwi\u0119ksze ryzyka zwi\u0105zane z korzystaniem z internetu w przypadku dzieci z niepe\u0142nosprawno\u015bci\u0105 intelektualn\u0105.","robots":{"index":"index","follow":"follow","max-snippet":"max-snippet:-1","max-image-preview":"max-image-preview:large","max-video-preview":"max-video-preview:-1"},"canonical":"https:\/\/bia4all.eu\/pl\/indywidualne-potrzeby-edukacyjne\/dzieci-z-niepelnosprawnoscia-intelektualna-a-tik\/","og_locale":"pl_PL","og_type":"article","og_title":"Be Internet Awesome For All - Edukacja cyfrowa dzieci z niepe\u0142nosprawno\u015bci\u0105 intelektualn\u0105","og_description":"Dowiedz si\u0119, jakie s\u0105 najwi\u0119ksze ryzyka zwi\u0105zane z korzystaniem z internetu w przypadku dzieci z niepe\u0142nosprawno\u015bci\u0105 intelektualn\u0105.","og_url":"https:\/\/bia4all.eu\/pl\/indywidualne-potrzeby-edukacyjne\/dzieci-z-niepelnosprawnoscia-intelektualna-a-tik\/","og_site_name":"PL","article_modified_time":"2026-01-28T14:37:29+00:00","og_image":[{"width":1200,"height":628,"url":"https:\/\/bia4all.eu\/pl\/wp-content\/uploads\/sites\/5\/2024\/10\/BIA-PL-yoast-intellectual.jpg","type":"image\/jpeg"}],"twitter_card":"summary_large_image","twitter_title":"Be Internet Awesome For All - Edukacja cyfrowa dzieci z niepe\u0142nosprawno\u015bci\u0105 intelektualn\u0105","twitter_description":"Dowiedz si\u0119, jakie s\u0105 najwi\u0119ksze ryzyka zwi\u0105zane z korzystaniem z internetu w przypadku dzieci z niepe\u0142nosprawno\u015bci\u0105 intelektualn\u0105.","twitter_image":"https:\/\/bia4all.eu\/pl\/wp-content\/uploads\/sites\/5\/2024\/10\/BIA-PL-yoast-intellectual.jpg","twitter_misc":{"Szacowany czas czytania":"3 minuty"},"schema":{"@context":"https:\/\/schema.org","@graph":[{"@type":"WebPage","@id":"https:\/\/bia4all.eu\/pl\/indywidualne-potrzeby-edukacyjne\/dzieci-z-niepelnosprawnoscia-intelektualna-a-tik\/","url":"https:\/\/bia4all.eu\/pl\/indywidualne-potrzeby-edukacyjne\/dzieci-z-niepelnosprawnoscia-intelektualna-a-tik\/","name":"Dzieci z niepe\u0142nosprawno\u015bci\u0105 intelektualn\u0105 a TIK\u200b - PL","isPartOf":{"@id":"https:\/\/bia4all.eu\/pl\/#website"},"primaryImageOfPage":{"@id":"https:\/\/bia4all.eu\/pl\/indywidualne-potrzeby-edukacyjne\/dzieci-z-niepelnosprawnoscia-intelektualna-a-tik\/#primaryimage"},"image":{"@id":"https:\/\/bia4all.eu\/pl\/indywidualne-potrzeby-edukacyjne\/dzieci-z-niepelnosprawnoscia-intelektualna-a-tik\/#primaryimage"},"thumbnailUrl":"https:\/\/bia4all.eu\/pl\/wp-content\/uploads\/sites\/5\/2024\/10\/BIA-PL-main-intellectual.jpg","datePublished":"2023-10-16T14:55:04+00:00","dateModified":"2026-01-28T14:37:29+00:00","description":"Dowiedz si\u0119, jakie s\u0105 najwi\u0119ksze ryzyka zwi\u0105zane z korzystaniem z internetu w przypadku dzieci z niepe\u0142nosprawno\u015bci\u0105 intelektualn\u0105.","breadcrumb":{"@id":"https:\/\/bia4all.eu\/pl\/indywidualne-potrzeby-edukacyjne\/dzieci-z-niepelnosprawnoscia-intelektualna-a-tik\/#breadcrumb"},"inLanguage":"pl-PL","potentialAction":[{"@type":"ReadAction","target":["https:\/\/bia4all.eu\/pl\/indywidualne-potrzeby-edukacyjne\/dzieci-z-niepelnosprawnoscia-intelektualna-a-tik\/"]}]},{"@type":"ImageObject","inLanguage":"pl-PL","@id":"https:\/\/bia4all.eu\/pl\/indywidualne-potrzeby-edukacyjne\/dzieci-z-niepelnosprawnoscia-intelektualna-a-tik\/#primaryimage","url":"https:\/\/bia4all.eu\/pl\/wp-content\/uploads\/sites\/5\/2024\/10\/BIA-PL-main-intellectual.jpg","contentUrl":"https:\/\/bia4all.eu\/pl\/wp-content\/uploads\/sites\/5\/2024\/10\/BIA-PL-main-intellectual.jpg","width":600,"height":600,"caption":"Poradnik Be Internet Awesome - niepe\u0142nosprawno\u015bci intelektualne"},{"@type":"BreadcrumbList","@id":"https:\/\/bia4all.eu\/pl\/indywidualne-potrzeby-edukacyjne\/dzieci-z-niepelnosprawnoscia-intelektualna-a-tik\/#breadcrumb","itemListElement":[{"@type":"ListItem","position":1,"name":"Strona g\u0142\u00f3wna","item":"https:\/\/bia4all.eu\/pl\/"},{"@type":"ListItem","position":2,"name":"Indywidualne potrzeby edukacyjne","item":"https:\/\/bia4all.eu\/pl\/indywidualne-potrzeby-edukacyjne\/"},{"@type":"ListItem","position":3,"name":"Dzieci z niepe\u0142nosprawno\u015bci\u0105 intelektualn\u0105 a TIK\u200b"}]},{"@type":"WebSite","@id":"https:\/\/bia4all.eu\/pl\/#website","url":"https:\/\/bia4all.eu\/pl\/","name":"PL","description":"Be Internet Awesome For All PL","potentialAction":[{"@type":"SearchAction","target":{"@type":"EntryPoint","urlTemplate":"https:\/\/bia4all.eu\/pl\/?s={search_term_string}"},"query-input":"required name=search_term_string"}],"inLanguage":"pl-PL"}]}},"_links":{"self":[{"href":"https:\/\/bia4all.eu\/pl\/wp-json\/wp\/v2\/pages\/733"}],"collection":[{"href":"https:\/\/bia4all.eu\/pl\/wp-json\/wp\/v2\/pages"}],"about":[{"href":"https:\/\/bia4all.eu\/pl\/wp-json\/wp\/v2\/types\/page"}],"author":[{"embeddable":true,"href":"https:\/\/bia4all.eu\/pl\/wp-json\/wp\/v2\/users\/2"}],"replies":[{"embeddable":true,"href":"https:\/\/bia4all.eu\/pl\/wp-json\/wp\/v2\/comments?post=733"}],"version-history":[{"count":21,"href":"https:\/\/bia4all.eu\/pl\/wp-json\/wp\/v2\/pages\/733\/revisions"}],"predecessor-version":[{"id":1448,"href":"https:\/\/bia4all.eu\/pl\/wp-json\/wp\/v2\/pages\/733\/revisions\/1448"}],"up":[{"embeddable":true,"href":"https:\/\/bia4all.eu\/pl\/wp-json\/wp\/v2\/pages\/43"}],"wp:featuredmedia":[{"embeddable":true,"href":"https:\/\/bia4all.eu\/pl\/wp-json\/wp\/v2\/media\/1188"}],"wp:attachment":[{"href":"https:\/\/bia4all.eu\/pl\/wp-json\/wp\/v2\/media?parent=733"}],"curies":[{"name":"wp","href":"https:\/\/api.w.org\/{rel}","templated":true}]}}